{"id":703,"date":"2022-05-12T08:37:49","date_gmt":"2022-05-12T08:37:49","guid":{"rendered":"https:\/\/benedekgeneral.hu\/?page_id=703"},"modified":"2026-04-22T15:56:49","modified_gmt":"2026-04-22T15:56:49","slug":"palyazatok","status":"publish","type":"page","link":"https:\/\/benedekgeneral.hu\/index.php\/palyazatok\/","title":{"rendered":"P\u00e1ly\u00e1zatok"},"content":{"rendered":"<p>[et_pb_section fb_built=&#8221;1&#8243; _builder_version=&#8221;4.16&#8243; global_colors_info=&#8221;{}&#8221;][et_pb_row _builder_version=&#8221;4.16&#8243; global_colors_info=&#8221;{}&#8221;][et_pb_column type=&#8221;4_4&#8243; _builder_version=&#8221;4.16&#8243; global_colors_info=&#8221;{}&#8221;][et_pb_text _builder_version=&#8221;4.16&#8243; global_colors_info=&#8221;{}&#8221;]<\/p>\n<p><img decoding=\"async\" loading=\"lazy\" src=\"https:\/\/benedekgeneral.hu\/wp-content\/uploads\/2022\/05\/eu_full.jpg\" width=\"1462\" height=\"399\" alt=\"\" class=\"wp-image-711 aligncenter size-full\" srcset=\"https:\/\/benedekgeneral.hu\/wp-content\/uploads\/2022\/05\/eu_full.jpg 1462w, https:\/\/benedekgeneral.hu\/wp-content\/uploads\/2022\/05\/eu_full-1280x349.jpg 1280w, https:\/\/benedekgeneral.hu\/wp-content\/uploads\/2022\/05\/eu_full-980x267.jpg 980w, https:\/\/benedekgeneral.hu\/wp-content\/uploads\/2022\/05\/eu_full-480x131.jpg 480w\" sizes=\"(min-width: 0px) and (max-width: 480px) 480px, (min-width: 481px) and (max-width: 980px) 980px, (min-width: 981px) and (max-width: 1280px) 1280px, (min-width: 1281px) 1462px, 100vw\" \/><\/p>\n<p>[\/et_pb_text][et_pb_text _builder_version=&#8221;4.16&#8243; hover_enabled=&#8221;0&#8243; global_colors_info=&#8221;{}&#8221; sticky_enabled=&#8221;0&#8243;]<\/p>\n<p class=\"xmsonormal\"><strong>A kedvezm\u00e9nyezett neve:<\/strong>\u00a0Benedek Gener\u00e1l Kereskedelmi \u00e9s Szolg\u00e1ltat\u00f3 Korl\u00e1tolt Felel\u0151ss\u00e9g\u0171 T\u00e1rsas\u00e1g<o:p><\/o:p><\/p>\n<p class=\"xmsonormal\"><strong>A fejleszt\u00e9s t\u00e1rgya, c\u00e9lja:<\/strong> Technol\u00f3gia korszer\u0171s\u00edt\u00e9se a hat\u00e9kony \u00e9s korszer\u0171 munkav\u00e9gz\u00e9shez.<o:p><\/o:p><\/p>\n<p class=\"xmsonormal\"><strong>A szerz\u0151d\u00f6tt t\u00e1mogat\u00e1s \u00f6sszege:<\/strong> 47.898.800 forint<o:p><\/o:p><\/p>\n<p class=\"xmsonormal\"><strong>A projekt tartalm\u00e1nak r\u00e9szletes bemutat\u00e1sa:<\/strong> A hossz\u00fat\u00e1v\u00fa gondolkod\u00e1s \u00e9s a v\u00e1llalat folyamatos fejleszt\u00e9se jellemz\u0151 r\u00e1nk. Tisztess\u00e9g, megb\u00edzhat\u00f3s\u00e1g \u00e9s szak\u00e9rtelem. Ezek azok az \u00e9rt\u00e9kek melyeket szem el\u0151tt tartva a k\u00e9sz\u00edtj\u00fck el projektjeinket. Az elm\u00falt \u00e9vekben sz\u00e1mos projektet val\u00f3s\u00edtottunk meg, jelent\u0151s referenci\u00e1kkal rendelkez\u00fcnk k\u00f6zm\u0171\u00e9p\u00edt\u00e9s, csatorn\u00e1z\u00e1s, \u00fat\u00e9p\u00edt\u00e9s, v\u00e1rosfejleszt\u00e9s, \u00e9p\u00fcletbont\u00e1s, magas\u00e9p\u00edt\u00e9s ter\u00fclet\u00e9n. C\u00e9g\u00fcnk j\u00f6v\u0151beni c\u00e9lja, hogy az elm\u00falt \u00e9vekre alapozva egy korszer\u0171en \u00e9s hat\u00e9konyan m\u0171k\u00f6d\u0151 t\u00e1rsas\u00e1got \u00e9p\u00edts\u00fcnk, melynek els\u0151dleges k\u00fcldet\u00e9se az el\u00e9gedett megrendel\u0151i k\u00f6r b\u0151v\u00edt\u00e9se. Ennek \u00e9rdek\u00e9ben folyamatosan t\u00f6reksz\u00fcnk arra, hogy a versenyk\u00e9pes \u00e1rak mellett jobb m\u0171szaki megold\u00e1sokat dolgozzunk ki. Takar\u00e9kosabb \u00e9s m\u00e9g jobb min\u0151s\u00e9get eredm\u00e9nyez\u0151 technol\u00f3gi\u00e1kat vezess\u00fcnk be melynek sor\u00e1n a kivitelez\u00e9s folyamat\u00e1val a k\u00f6rnyezet\u00fcnket is a lehet\u0151 legkev\u00e9sb\u00e9 terhelj\u00fck meg. \u00a0Ezen c\u00e9lok szemel\u0151t tart\u00e1s\u00e1val kezdt\u00fcnk bele a kapcsol\u00f3d\u00f3 p\u00e1ly\u00e1zati lehet\u0151s\u00e9gek felkutat\u00e1s\u00e1ba. A \u00a0GINOP_PLUSZ-1.2.3-21-2022-00581 sz\u00e1m\u00fa p\u00e1ly\u00e1zat megval\u00f3s\u00edt\u00e1sa sor\u00e1n az els\u0151dleges c\u00e9lunk a kapacit\u00e1sb\u0151v\u00edt\u00e9s, ehhez elengedhetetlen, hogy \u00a0a piacon a legmodernebb \u00faj eszk\u00f6z\u00f6k ker\u00fcljenek beszerz\u00e9sre. Ezen fejleszt\u00e9s megval\u00f3sul\u00e1s\u00e1val a c\u00e9g\u00fcnk mind informatikailak, mind a kivitelez\u00e9s kapcs\u00e1n nagym\u00e9rt\u00e9k\u0171 fejleszt\u00e9st val\u00f3s\u00edt meg. Beszerz\u00e9sre ker\u00fclnek laptopok, monitorok \u00e9s informatikai k\u00e9pz\u00e9s a munkav\u00e1llal\u00f3knak az irodai\/tervez\u0151i feladatok ell\u00e1t\u00e1s\u00e1hoz. Napelemes rendszer ker\u00fcl ki\u00e9p\u00edt\u00e9sre, hogy a sz\u00fcks\u00e9ges elektromos energia is biztos\u00edtva legyen, k\u00f6rnyezetbar\u00e1t m\u00f3don. Tov\u00e1bb\u00e1 a kivitelez\u00e9shez \u00e1llv\u00e1nyrendszer \u00e9s zsalu szettek lesznek beszerezve.<o:p><\/o:p><\/p>\n<p class=\"xmsonormal\"><strong>A projekt tervezett befejez\u00e9si d\u00e1tuma (ha megval\u00f3sult, akkor a t\u00e9nyleges befejez\u00e9s):<\/strong> 2024.02.22.<o:p><\/o:p><\/p>\n<p>[\/et_pb_text][\/et_pb_column][\/et_pb_row][et_pb_row _builder_version=&#8221;4.16&#8243; global_colors_info=&#8221;{}&#8221;][et_pb_column type=&#8221;4_4&#8243; _builder_version=&#8221;4.16&#8243; global_colors_info=&#8221;{}&#8221;][et_pb_text _builder_version=&#8221;4.16&#8243; global_colors_info=&#8221;{}&#8221;]<\/p>\n<p><img decoding=\"async\" loading=\"lazy\" src=\"https:\/\/benedekgeneral.hu\/wp-content\/uploads\/2022\/05\/eu_full.jpg\" width=\"1462\" height=\"399\" alt=\"\" class=\"wp-image-711 aligncenter size-full\" srcset=\"https:\/\/benedekgeneral.hu\/wp-content\/uploads\/2022\/05\/eu_full.jpg 1462w, https:\/\/benedekgeneral.hu\/wp-content\/uploads\/2022\/05\/eu_full-1280x349.jpg 1280w, https:\/\/benedekgeneral.hu\/wp-content\/uploads\/2022\/05\/eu_full-980x267.jpg 980w, https:\/\/benedekgeneral.hu\/wp-content\/uploads\/2022\/05\/eu_full-480x131.jpg 480w\" sizes=\"(min-width: 0px) and (max-width: 480px) 480px, (min-width: 481px) and (max-width: 980px) 980px, (min-width: 981px) and (max-width: 1280px) 1280px, (min-width: 1281px) 1462px, 100vw\" \/><\/p>\n<p>[\/et_pb_text][et_pb_text _builder_version=&#8221;4.19.1&#8243; hover_enabled=&#8221;0&#8243; global_colors_info=&#8221;{}&#8221; sticky_enabled=&#8221;0&#8243;]<\/p>\n<p class=\"xmsonormal\"><strong>A kedvezm\u00e9nyezett neve:<\/strong>\u00a0Benedek Gener\u00e1l Kereskedelmi \u00e9s Szolg\u00e1ltat\u00f3 Korl\u00e1tolt Felel\u0151ss\u00e9g\u0171 T\u00e1rsas\u00e1g<\/p>\n<p class=\"xmsonormal\"><strong>A fejleszt\u00e9s t\u00e1rgya, c\u00e9lja:<\/strong>\u00a0Munkak\u00f6r\u00fclm\u00e9nyek fejleszt\u00e9se<\/p>\n<p><strong>A szerz\u0151d\u00f6tt t\u00e1mogat\u00e1s \u00f6sszege:<\/strong>\u00a04.023.332 forint<\/p>\n<p class=\"xmsonormal\"><strong>A projekt tartalm\u00e1nak r\u00e9szletes bemutat\u00e1sa:<\/strong> C\u00e9g\u00fcnk a GINOP Plusz-3.2.5-24-2024-00001 \u201eMunkak\u00f6r\u00fclm\u00e9nyek fejleszt\u00e9se\u201d p\u00e1ly\u00e1zat t\u00e1mogat\u00e1s\u00e1val ergonomikus munkahelyi k\u00f6rnyezetet alak\u00edtott ki. A beszerzett Narbutas Motion \u00e1ll\u00edthat\u00f3 \u00edr\u00f3asztalok \u00e9s DELL U4021QW ultrawide monitorok seg\u00edts\u00e9g\u00e9vel jelent\u0151sen jav\u00edtottuk a dolgoz\u00f3k testi komfortj\u00e1t, cs\u00f6kkentett\u00fck a tart\u00f3s \u00fcl\u00e9s \u00e9s a k\u00e9perny\u0151haszn\u00e1lat okozta terhel\u00e9st, valamint el\u0151seg\u00edtett\u00fck a eg\u00e9szs\u00e9gesebb \u00e9s hat\u00e9konyabb munkav\u00e9gz\u00e9st.<\/p>\n<p><strong>A projekt tervezett befejez\u00e9si d\u00e1tuma (ha megval\u00f3sult, akkor a t\u00e9nyleges befejez\u00e9s):<\/strong>\u00a02026.03.16.<\/p>\n<p>[\/et_pb_text][\/et_pb_column][\/et_pb_row][\/et_pb_section]<\/p>\n","protected":false},"excerpt":{"rendered":"<p>A kedvezm\u00e9nyezett neve:\u00a0Benedek Gener\u00e1l Kereskedelmi \u00e9s Szolg\u00e1ltat\u00f3 Korl\u00e1tolt Felel\u0151ss\u00e9g\u0171 T\u00e1rsas\u00e1g A fejleszt\u00e9s t\u00e1rgya, c\u00e9lja: Technol\u00f3gia korszer\u0171s\u00edt\u00e9se a hat\u00e9kony \u00e9s korszer\u0171 munkav\u00e9gz\u00e9shez. A szerz\u0151d\u00f6tt t\u00e1mogat\u00e1s \u00f6sszege: 47.898.800 forint A projekt tartalm\u00e1nak r\u00e9szletes bemutat\u00e1sa: A hossz\u00fat\u00e1v\u00fa gondolkod\u00e1s \u00e9s a v\u00e1llalat folyamatos fejleszt\u00e9se jellemz\u0151 r\u00e1nk. Tisztess\u00e9g, megb\u00edzhat\u00f3s\u00e1g \u00e9s szak\u00e9rtelem. Ezek azok az \u00e9rt\u00e9kek melyeket szem el\u0151tt tartva a [&hellip;]<\/p>\n","protected":false},"author":1,"featured_media":0,"parent":0,"menu_order":0,"comment_status":"closed","ping_status":"closed","template":"","meta":{"_et_pb_use_builder":"on","_et_pb_old_content":"","_et_gb_content_width":"","inline_featured_image":false},"_links":{"self":[{"href":"https:\/\/benedekgeneral.hu\/index.php\/wp-json\/wp\/v2\/pages\/703"}],"collection":[{"href":"https:\/\/benedekgeneral.hu\/index.php\/wp-json\/wp\/v2\/pages"}],"about":[{"href":"https:\/\/benedekgeneral.hu\/index.php\/wp-json\/wp\/v2\/types\/page"}],"author":[{"embeddable":true,"href":"https:\/\/benedekgeneral.hu\/index.php\/wp-json\/wp\/v2\/users\/1"}],"replies":[{"embeddable":true,"href":"https:\/\/benedekgeneral.hu\/index.php\/wp-json\/wp\/v2\/comments?post=703"}],"version-history":[{"count":7,"href":"https:\/\/benedekgeneral.hu\/index.php\/wp-json\/wp\/v2\/pages\/703\/revisions"}],"predecessor-version":[{"id":1054,"href":"https:\/\/benedekgeneral.hu\/index.php\/wp-json\/wp\/v2\/pages\/703\/revisions\/1054"}],"wp:attachment":[{"href":"https:\/\/benedekgeneral.hu\/index.php\/wp-json\/wp\/v2\/media?parent=703"}],"curies":[{"name":"wp","href":"https:\/\/api.w.org\/{rel}","templated":true}]}}